{"id":768,"date":"2022-09-07T12:39:55","date_gmt":"2022-09-07T10:39:55","guid":{"rendered":"https:\/\/www.willygex.com\/?page_id=768"},"modified":"2025-09-04T12:18:54","modified_gmt":"2025-09-04T10:18:54","slug":"experiences-artistiques","status":"publish","type":"page","link":"https:\/\/www.willygex.com\/?page_id=768","title":{"rendered":"EXP\u00c9RIENCES ARTISTIQUES"},"content":{"rendered":"\n<p class=\"has-text-align-center\"><strong>2025<\/strong> \/ <strong>Prestations sc\u00e9niques<\/strong><\/p>\n\n\n\n<p><strong>06-07.07<\/strong> Grand t\u00e9moin pour les Universit\u00e9s populaires d&rsquo;Emma\u00fcs, Bussi\u00e8res-et-Pruns (63). Recueil de t\u00e9moignages, cr\u00e9ation d\u2019un texte final et performance po\u00e9tique le 07 juillet en cl\u00f4ture.<\/p>\n\n\n\n<p class=\"has-text-align-center\"><strong>2025 \/ Ateliers d&rsquo;\u00e9criture<\/strong><\/p>\n\n\n\n<p>* Un projet spoken word signifie, avec le guitariste Xavier Denis (63), des ateliers d&rsquo;\u00e9criture, de mise en voix puis en musique et un concert final de restitution <\/p>\n\n\n\n<ul class=\"wp-block-list\">\n<li><strong>Janv-avril<\/strong> Projet spoken word* du SUC (Service Universit\u00e9 Culture) de Clermont-Fd avec en plus Denis Thevenet (Clavier, guitare). Concert <strong>04.04<\/strong>, ONYX Festival, Clermont-Fd (63)<\/li>\n<\/ul>\n\n\n\n<ul class=\"wp-block-list\">\n<li><strong>Avril-juin<\/strong> Projet spoken word* <em>Arts de rue<\/em>, concert <strong>16.05,<\/strong> coll\u00e8ge P.M France, Riom (63)<\/li>\n<\/ul>\n\n\n\n<ul class=\"wp-block-list\">\n<li><strong>Mars-mai <\/strong>projet spoken word* concert <strong>16.05<\/strong>, LEAP Ennezat, salle des f\u00eates Ennezat (63)<\/li>\n<\/ul>\n\n\n\n<p><strong>05.05<\/strong> Intervention <em>L&rsquo;oral au service des apprentissages<\/em> pour un groupe de professeurs des \u00e9coles organis\u00e9 par un conseiller et une conseill\u00e8re p\u00e9dagogique du d\u00e9partement. Pr\u00e9sentation de l&rsquo;association Alternative Po\u00e9sie, des ateliers d&rsquo;\u00e9criture et du travail p\u00e9dagogique, \u00c9cole primaire de Cournon (63)<\/p>\n\n\n\n<p><strong>14.02<\/strong> Nuit des c\u0153urs bris\u00e9s, ateliers d&rsquo;\u00e9criture et restitution en direct sur Radio Campus, MARQ (Mus\u00e9e d&rsquo;Art Roger Quillot), Clermont-Ferrand (63).<\/p>\n\n\n\n<ul class=\"wp-block-list\">\n<li><strong>D\u00e9c-janv<\/strong> Projet spoken word* avec des MNA (mineurs non accompagn\u00e9s) de l&rsquo;ALS (Atelier Logement Solidaire), restitution <strong>23.01<\/strong> Journ\u00e9e solidarit\u00e9, Salle Boris Vian, Maison de la Culture, Clermont-Fd (63)<\/li>\n<\/ul>\n\n\n\n<p>Tournois slams de po\u00e9sie apr\u00e8s des ateliers d&rsquo;\u00e9criture et de mise en voix avec :<\/p>\n\n\n\n<ul class=\"wp-block-list\">\n<li><strong>D\u00e9c-f\u00e9v<\/strong> Tournoi slam de po\u00e9sie le <strong>13.02<\/strong>, lyc\u00e9e Paul Constans, MJC Montlu\u00e7on (03)<\/li>\n\n\n\n<li><strong>Janv-avril<\/strong> Tournoi slam po\u00e9sie le <strong>11.04<\/strong>, Coll\u00e8ge St-Dominique, CCVL Vichy (03)<\/li>\n<\/ul>\n\n\n\n<p class=\"has-text-align-center\"><strong>2024<\/strong> \/ <strong>Prestations sc\u00e9niques<\/strong><\/p>\n\n\n\n<p><strong>14.12<\/strong> Spectacle <em>A day in NY <\/em>avec <em>Les violons d&rsquo;hiver,<\/em> interm\u00e8des parl\u00e9s autour du jazz avec l&rsquo;orchestre \u00e0 cordes de Lempdes, La 2 deuche (63), <a href=\"https:\/\/www.helloasso.com\/associations\/les-amis-de-l-ocl\/evenements\/violons-d-hiver-a-day-in-new-york-20h30\">https:\/\/www.helloasso.com\/associations\/les-amis-de-l-ocl\/evenements\/violons-d-hiver-a-day-in-new-york-20h30<\/a><\/p>\n\n\n\n<p><strong>Sept-oct<\/strong> Projet spoken word* avec des MNA (Mineurs Non Accompagn\u00e9s) de l&rsquo;ALS (Atelier Logement Solidaire), restitution <strong>17.10<\/strong> Journ\u00e9e du refus de la mis\u00e8re, Maison Nelson Mandela, Clermont-Fd (63)<\/p>\n\n\n\n<p><strong>27.09<\/strong> Concert \u00e9v\u00e9nement sortie de l&rsquo;album <em>Gex&rsquo;plique<\/em>, La Coupole, Clermont-Fd (63) avec Xavier Denis (guitare) et les invit\u00e9\u00b7es Hassen Ay\u00e8che (percussions) et Margot Fargeas Abeil (danse)<\/p>\n\n\n\n<p class=\"has-text-align-center\"><strong>2024 \/ Ateliers d&rsquo;\u00e9criture<\/strong><\/p>\n\n\n\n<p><strong>Sept-d\u00e9c<\/strong> Projet spoken word* avec la Maison d&rsquo;Arr\u00eat de Moulins-Yzeure. Concert de restitution, Maison d&rsquo;Arr\u00eat, Yzeure (03)<\/p>\n\n\n\n<p><strong>Sept-oct<\/strong> Projet spoken word* d&rsquo;ATD Quart Monde avec des jeunes mineurs isol\u00e9s du dispositif Sesame (Solidarit\u00e9 Et Si j&rsquo;Accueillais un Mineur Etranger) de l&rsquo;ALS (Atelier Logement Solidaire). <strong>17.10<\/strong> Journ\u00e9e du refus de la mis\u00e8re, concert de restitution, Maison Nelson Mandela, Clermont-Fd (63)<\/p>\n\n\n\n<p><strong>Avril-juin<\/strong> Projet spoken word* avec le coll\u00e8ge Pierre Mendes France de Riom (63). \u00c9criture, mise en voix et mise en musique avec le guitariste Xavier Denis. Concert de restitution au coll\u00e8ge le<strong> 14.06<\/strong><\/p>\n\n\n\n<p><strong>04.04<\/strong> D\u00e9couverte du Slam lors du 1<sup>e<\/sup> printemps de la Culture au lyc\u00e9e Gergovie de Clermont-Fd, Ateliers d&rsquo;\u00e9criture, de mise en voix et sc\u00e8ne de restitution devant le groupe classe<\/p>\n\n\n\n<p><strong>Mars-mai<\/strong> Projet spoken word*, lyc\u00e9e Paul Constans de Montlu\u00e7on. Concert le <strong>28.05<\/strong>, amphith\u00e9\u00e2tre du Lyc\u00e9e, Montlu\u00e7on (03)<\/p>\n\n\n\n<p><strong>F\u00e9v-mai<\/strong> Projet spoken word* avec le lyc\u00e9e d&rsquo;Ennezat. Concert le <strong>14.05<\/strong>, salle des f\u00eates, Ennezat (63)<\/p>\n\n\n\n<p><strong>08.02<\/strong> &amp; <strong>07.03<\/strong> Projet slam de po\u00e9sie avec le coll\u00e8ge St-Madeleine de B\u00e9ziers. Ateliers d&rsquo;\u00e9criture et mise en voix. Tournoi Slam de po\u00e9sie au coll\u00e8ge le <strong>07.03<\/strong>, B\u00e9ziers (34)<\/p>\n\n\n\n<p><strong>Janv-mars<\/strong> Projet Slam avec le coll\u00e8ge St-Dominique de Vichy. Ateliers d&rsquo;\u00e9criture et mise en voix. Tournoi Slam de po\u00e9sie au CCVL de Vichy le <strong>29.05<\/strong>, Vichy (03)<\/p>\n\n\n\n<p><strong>Janv-avril<\/strong> Projet spoken word* avec le SUC (Service Universit\u00e9 Culture) de Clermont-Fd avec en plus Denis Thevenet (clavier, guitare). \u00c9criture, mise en voix et mise en musique.<strong> 04.04<\/strong> Concert final de restitution, Lieu-dit, Clermont-Fd (63)<\/p>\n\n\n\n<p class=\"has-text-align-center\"><strong>2023<\/strong> \/ <strong>Prestations sc\u00e9niques<\/strong><\/p>\n\n\n\n<p><strong>6 Oct<\/strong> Finale <em>Tremplin des talents<\/em>, Th\u00e9\u00e2tre de Moulins (03)<\/p>\n\n\n\n<p><strong>26.06<\/strong> S\u00e9lections <em>Tremplin des talents<\/em>, Th\u00e9\u00e2tre de Moulins (03)<\/p>\n\n\n\n<p><strong>24.05 <\/strong>Spectacle <em>Slam Nature, terres sacr\u00e9es d&rsquo;Auvergne et du B\u00e9nin<\/em> avec l&rsquo;artiste b\u00e9ninois Adebayo Hounsou et le guitariste Xavier Denis, Lyc\u00e9e agricole Le Chesnoy, Amilly (45)<\/p>\n\n\n\n<p><strong>11 au 14 avril <\/strong>Tourn\u00e9e Bretonne, Ateliers d&rsquo;\u00e9criture, mise en musique et concerts de restitution puis spectacle <strong>spoken word<\/strong> <strong><em>Slam Nature, terres sacr\u00e9es d&rsquo;Auvergne et du B\u00e9nin<\/em> <\/strong>avec l&rsquo;artiste b\u00e9ninois Adebayo Hounsou et le guitariste Xavier Denis. Concerts le :<\/p>\n\n\n\n<ul class=\"wp-block-list\">\n<li><strong>11.04<\/strong> Lyc\u00e9e Le gros Ch\u00eane, Pontivy (56), ateliers et concert avec une classe de 2de CEC puis spectacle <em>Slam Nature, terres sacr\u00e9es d&rsquo;Auvergne et du B\u00e9nin<\/em><\/li>\n\n\n\n<li><strong>12.04<\/strong> Lyc\u00e9e agricole de St-Ilan, Langueux (22), ateliers et concert avec un groupe de 1e et Term STAV puis spectacles (2 fois) <em>Slam Nature, terres sacr\u00e9es d&rsquo;Auvergne et du B\u00e9nin<\/em><\/li>\n\n\n\n<li><strong>13.04<\/strong> Lyc\u00e9e professionnel La Lande de la Rencontre, Saint-Aubin du Cormier (35), ateliers et concert avec une classe de BTS GPN par apprentissage puis spectacle <em>Slam Nature, terres sacr\u00e9es d&rsquo;Auvergne et du B\u00e9nin<\/em><\/li>\n<\/ul>\n\n\n\n<p><strong>02 mars<\/strong> Spectacle <em><strong>Slam Nature, terres sacr\u00e9es d&rsquo;Auvergne et du B\u00e9nin<\/strong><\/em> avec l&rsquo;artiste b\u00e9ninois Adebayo Hounsou et le guitariste X. Denis. Premi\u00e8re \u00e0 l&rsquo;EPL du Bourbonnais, Neuvy, Moulins (03)<\/p>\n\n\n\n<p><strong>03.02<\/strong> 3 textes en pr\u00e9ambule du concert de restitution des ateliers du SUC, Le Tremplin, Beaumont (63)<\/p>\n\n\n\n<p><strong>26 janv<\/strong> Prestation <strong>spoken word<\/strong> avec Adebayo Hounsou, Lyc\u00e9e agricole de Vire, Calvados (14)<\/p>\n\n\n\n<p class=\"has-text-align-center\"> <strong>2023<\/strong> \/ <strong>Ateliers d&rsquo;\u00e9criture<\/strong><\/p>\n\n\n\n<p><strong>21.12 <\/strong>Ateliers d\u2019\u00e9criture au coll\u00e8ge Jean Vilar, Riom (63)<\/p>\n\n\n\n<p><strong>Sept-d\u00e9c<\/strong> Projet spoken word* avec la Maison d&rsquo;Arr\u00eat de Moulins-Yzeure. Concert de restitution, Maison d&rsquo;Arr\u00eat, Yzeure (03)<\/p>\n\n\n\n<p><strong>Mars-juin<\/strong> Ateliers d&rsquo;\u00e9criture et mise en voix, coll\u00e8ge St-Dominique, tournoi slam de po\u00e9sie, <strong>02.06<\/strong>, CCVL de Vichy (03)<\/p>\n\n\n\n<p><strong>13-20 Jan<\/strong> Ateliers d\u2019\u00e9criture puis sc\u00e8ne de restitution, coll\u00e8ge de Saint-Saturnin (63)<\/p>\n\n\n\n<p><strong>Janv-F\u00e9v<\/strong> Poursuite du projet spoken word* avec le SUC Clermont-Fd avec en plus Denis Th\u00e9venet (clavier, guitare). <strong>03.02<\/strong> Concert, Le Tremplin, Beaumont (63)<\/p>\n\n\n\n<p class=\"has-text-align-center\"><strong>2022<\/strong> <strong>\/<\/strong> <strong>Prestations sc\u00e9niques<\/strong><\/p>\n\n\n\n<p><strong>17.12 <\/strong>Concert de <strong>spoken word<\/strong>, 1<sup>e<\/sup> partie de Vince Cot, La Puce \u00e0 l\u2019Oreille \u00e0 Riom (63)<\/p>\n\n\n\n<p><strong>27.08 <\/strong>Ateliers d&rsquo;\u00e9criture &amp; concert de <strong>spoken word<\/strong> avec X. Denis, festival <em>\u00c7a bouge \u00e0 Marsat<\/em> (63)<\/p>\n\n\n\n<p><strong>11.08<\/strong> Atelier d&rsquo;\u00e9criture &amp; concert de <strong>spoken word<\/strong> avec X. Denis, plage de Longues, Vic-le-Comte (63)<\/p>\n\n\n\n<p><strong>26 juin<\/strong> Programmation de <em>Danses de la Terre<\/em> en cl\u00f4ture du festival Auver\u2019Green, Ardes-sur- Couze (63). Annul\u00e9 \u00e0 cause de la m\u00e9t\u00e9o<\/p>\n\n\n\n<p><strong>25 juin<\/strong> Spectacle <em>Danses de la Terre<\/em> avec l\u2019orchestre \u00e0 cordes de Lempdes. Premi\u00e8re \u00e0 La Bascule, Tauves (63)<\/p>\n\n\n\n<p><strong>17 mai<\/strong> Concert de <strong>spoken word <\/strong>avec Xavier Denis, Centre Culturel Val\u00e9ry Larbaud, Vichy (03)<\/p>\n\n\n\n<p><strong>07 mai <\/strong>Concert de <strong>spoken word<\/strong> avec Xavier Denis, Ch\u00e2teau de la B\u00e2tisse, soir\u00e9e de soutien \u00e0 l\u2019Ukraine, Chanonat (63)<\/p>\n\n\n\n<p><strong>02 avril<\/strong> <em>Blues <\/em>avec Aur\u00e9lien Morro Group, soir\u00e9e de lancement de son 3<sup>e<\/sup> album, Le Tremplin, Beaumont (63)<\/p>\n\n\n\n<p class=\"has-text-align-center\"><strong>2022 \/ Ateliers d&rsquo;\u00e9criture<\/strong><\/p>\n\n\n\n<p><strong>Oct-d\u00e9c<\/strong> Projet spoken word avec le Service Universit\u00e9 Culture de Clermont-Fd. 9 s\u00e9ances de 3h (= 24h) comprenant l\u2019\u00e9criture, la mise en voix et la mise en musique avec 2 musiciens.<\/p>\n\n\n\n<p>Concert final le 03.02.2023 au Tremplin, Beaumont (63)<\/p>\n\n\n\n<p><strong>Juillet <\/strong>Projet \u00e9criture et graff du CNCS de Moulins. Interventions au Quartier mineur, Centre p\u00e9nitentiaire de Moulins-Yzeure (03)<\/p>\n\n\n\n<p><strong>Avril-<\/strong><strong>juin<\/strong> Ateliers au coll\u00e8ge St-Dominique de Vichy. 17 juin, Slam de po\u00e9sie au Cin\u00e9ma, Vichy (03)<\/p>\n\n\n\n<p><strong>A<\/strong><strong>vril-<\/strong><strong>juin<\/strong> Ateliers d&rsquo;\u00e9criture puis mise en musique et spectacle de spoken word \u00e0 la maison de l\u2019Oradou avec une classe de 6<sup>e<\/sup> du coll\u00e8ge Lucie Aubrac de Clermont-Ferrand (63)<\/p>\n\n\n\n<p><strong>Avril-m<\/strong><strong>ai<\/strong> Projet <em>Fabrique A Chansons<\/em> en partenariat avec la Sacem. \u00c9criture compl\u00e8te d\u2019un morceau avec la classe de CM1-CM2 de l\u2019\u00e9cole Chassignol de Cusset (03) puis restitution le 17 mai sur la sc\u00e8ne du CCV (Centre Culturel Valery Larbaud) de Vichy<\/p>\n\n\n\n<p><strong>28 avril<\/strong> Animation de la finale r\u00e9gionale des Petits Champions de la Lecture<\/p>\n\n\n\n<p><strong>Janv-m<\/strong><strong>ai<\/strong> Projet Am-Stram-Slam avec le Grame de Lyon (<a href=\"http:\/\/www.grame.com\/\">www.grame.fr<\/a>), deux classes de 3<sup>e<\/sup> du Coll\u00e8ge Jean Zay de Montlu\u00e7on (03) avec sc\u00e8ne de restitution au coll\u00e8ge<\/p>\n\n\n\n<p><strong>18-25 f\u00e9v<\/strong> Animation d\u2019un atelier puis performance, concours Eloquencia \u2013 Clermont-Fd (63)<\/p>\n\n\n\n<p><strong>Janv-f\u00e9v<\/strong> Ateliers <em>Bien vivre au coll\u00e8ge<\/em> puis sc\u00e8ne de restitution, Pontgibaud (63)<\/p>\n\n\n\n<p class=\"has-text-align-center\"><strong>2021 (Pand\u00e9mie)<\/strong><\/p>\n\n\n\n<p><strong>Printemps<\/strong> \u00c9criture de 8 titres en anglais pour le 3<sup>e<\/sup> album du bluesman Aur\u00e9lien Morro<\/p>\n\n\n\n<p><strong>20 nov <\/strong>Formation Imago : accompagnement d\u2019artiste, Communiqu\u00e9 de presse, Gerzat (63)<\/p>\n\n\n\n<p><strong>D\u00e9c<\/strong> Enregistrement de 4 titres originaux en studio \u00e0 Jussat (63)<\/p>\n\n\n\n<p class=\"has-text-align-center\"><strong>2021 \/<\/strong> <strong>Prestations sc\u00e9niques<\/strong><\/p>\n\n\n\n<p><strong>12 juin<\/strong> Concert de <strong>spoken word<\/strong>* avec Xavier Denis au festival <em>Ici et l\u00e0<\/em>, St Saturnin (63)<\/p>\n\n\n\n<p><strong>20 Nov<\/strong> 2 repr\u00e9sentations de <em>Boris Vian<\/em> des <em>Violons d\u2019Hiver<\/em> par l\u2019Orchestre \u00e0 Cordes de Lempdes (63). Interludes po\u00e9tiques entre les tableaux musicaux<\/p>\n\n\n\n<p><strong>22 Mai<\/strong> Festival Fa\u00e7on Puzzle, Meilleure performance masculine et Puzzle de bronze, Maison de la culture, Clermont-Fd (63)<\/p>\n\n\n\n<p class=\"has-text-align-center\"><strong>2021 \/<\/strong> <strong>Ateliers d&rsquo;\u00e9criture<\/strong><\/p>\n\n\n\n<p><strong>Juin<\/strong> Ateliers et cr\u00e9ation musicale avec l\u2019\u00e9cole de musique des Chaires puis restitution au festival <em>Ici et l\u00e0<\/em>, St Saturnin (63)<\/p>\n\n\n\n<p class=\"has-text-align-left\"><strong>Oct-d\u00e9c<\/strong> Ateliers d\u2019\u00e9criture puis sc\u00e8ne de restitution, \u00e9cole primaire de Neuilly Le Real (03)<\/p>\n\n\n\n<p class=\"has-text-align-center\"><strong>2020 (Pand\u00e9mie)<\/strong> <strong>\/<\/strong> <strong>Ateliers d&rsquo;\u00e9criture<\/strong><\/p>\n\n\n\n<p><strong>Janv-m<\/strong><strong>ai<\/strong> Projet Slam-Po\u00e9sie, Enregistrement d\u2019un CD, lyc\u00e9e professionnel Anna Rodier, Moulins (03)<\/p>\n\n\n\n<p><strong>Jan-avril<\/strong> Ateliers d&rsquo;\u00e9criture, coll\u00e8ge Saint Dominique de Vichy (03)<\/p>\n\n\n\n<p><strong>Janv-f\u00e9v<\/strong> Entra\u00eenement d\u2019un lyc\u00e9en au concours d\u2019\u00e9loquence du Lions Club (03)<\/p>\n\n\n\n<p><strong>F\u00e9v-juin<\/strong> Ateliers d\u2019\u00e9criture au lyc\u00e9e agricole de Neuvy (03)<\/p>\n\n\n\n<p><strong>27 mars<\/strong> Finale de s\u00e9lection au coll\u00e8ge de Vichy (03)<\/p>\n\n\n\n<p><strong>02 avril<\/strong> Finale inter-\u00e9tablissements, la Puce \u00e0 l&rsquo;oreille, Riom, (63)<\/p>\n\n\n\n<p><strong>Mai <\/strong>Spoken word, 4 classes de 5<sup>e<\/sup> du coll\u00e8ge St Dominique, Salle f\u00eates, Vichy (03)<\/p>\n\n\n\n<p><strong>17 oct <\/strong>Festival Fa\u00e7on Puzzle, Meilleure performance masculine et Puzzle de bronze, Maison de la culture, Clermont-Fd (63)<\/p>\n\n\n\n<p class=\"has-text-align-center\"><strong>2019<\/strong> <strong>\/<\/strong> <strong>Prestations sc\u00e9niques<\/strong><\/p>\n\n\n\n<p><strong>6-8 <\/strong><strong>m<\/strong><strong>ars<\/strong> R\u00e9seau Quebec-France, \u00e9changes, Spoken Word et performances avec 3 jeunes slameurs qu\u00e9becois et leurs enseignants (Coll\u00e8ge Pierre Mend\u00e8s France de Riom, Salle La Fabrik \u00e0 Issoire, Coll\u00e8ge St Dominique et Keck\u2019s caf\u00e9 de Vichy)<\/p>\n\n\n\n<p><strong>26 avril<\/strong> Concert de spoken word, 1<sup>e<\/sup> partie de Johnny Hallyday Experience, la Puce \u00e0 l\u2019Oreille \u00e0 Riom (63)<\/p>\n\n\n\n<p><strong>4 <\/strong><strong>mai<\/strong> Performance de <em>Je suis femme<\/em> dans\u00e9e en parall\u00e8le par St\u00e9phanie Mwanba, Goma Dance Festival, R\u00e9publique D\u00e9mocratique du Congo (RDC)<\/p>\n\n\n\n<p><strong>14 <\/strong><strong>sept<\/strong> Concert au Festival le Son des Mots, Le Monestier, Dordogne (24)<\/p>\n\n\n\n<p><strong>14 <\/strong><strong>d\u00e9c<\/strong> Concert en partenariat avec la Cimade au Mazet-Saint-Voy, Haute-Loire (43)<\/p>\n\n\n\n<p class=\"has-text-align-center\"><strong>2019<\/strong> <strong>\/<\/strong> <strong>Ateliers d&rsquo;\u00e9criture<\/strong><\/p>\n\n\n\n<p><strong>Jan-F\u00e9v<\/strong> Ateliers d&rsquo;\u00e9criture, coll\u00e8ge Pierre-Mendes France de Riom (63)<\/p>\n\n\n\n<p>Ateliers d&rsquo;\u00e9criture, \u00e9cole primaire de C\u00e9bazat (63)<\/p>\n\n\n\n<p>Ateliers d&rsquo;\u00e9criture, coll\u00e8ge Saint Dominique de Vichy (03)<\/p>\n\n\n\n<p>Finale de s\u00e9lection au coll\u00e8ge de Vichy (03)<\/p>\n\n\n\n<p><strong>Av<\/strong><strong>ril<\/strong><strong>-jui<\/strong><strong>n<\/strong> Ateliers de mise en voix \u00e0 l\u2019ensemble Gerber d\u2019Aurillac (43)<\/p>\n\n\n\n<p><strong>27 <\/strong><strong>avr-8 mai<\/strong> Ateliers d\u2019\u00e9criture et prestation collective de 12 po\u00e8tes sur sc\u00e8ne dans le cadre du Goma Dance Festival, Goma (RDC)<\/p>\n\n\n\n<p><strong>10 Mai<\/strong> Finale inter-\u00e9tablissements, la Puce \u00e0 l&rsquo;oreille, Riom, (63)<\/p>\n\n\n\n<p>Spoken word, 3 classes de 5<sup>e<\/sup> du coll\u00e8ge St Dominique, Salle f\u00eates, Vichy (03)<\/p>\n\n\n\n<p><strong>Oct-d\u00e9c<\/strong> Ateliers d\u2019\u00e9criture \u00e0 l\u2019\u00e9cole primaire de Neuilly Le Real<\/p>\n\n\n\n<p><strong>Oct-d\u00e9c <\/strong>Projet Slam-Po\u00e9sie, Enregistrement d\u2019un CD, lyc\u00e9e professionnel Anna Rodier, Moulins (03)<\/p>\n\n\n\n<p class=\"has-text-align-center\"><strong>2018 \/<\/strong> <strong>Prestations sc\u00e9niques<\/strong><\/p>\n\n\n\n<p>24-25 f\u00e9vr Atelier d\u2019improvisation musicale et pluridisciplinaire avec le collectif Musique en friche anim\u00e9 par Nicolas Souchal (Trompettiste)<\/p>\n\n\n\n<p><strong>Mai<\/strong> Festival Fa\u00e7on Puzzle, Prix du sc\u00e9nario, Maison de la culture, Clermont-Fd (63)<\/p>\n\n\n\n<p><strong>14-16 ao\u00fbt<\/strong> <strong>Performance <\/strong><strong>po\u00e9tique <\/strong>avec Jean Luc Ramazani et Chem-Chem Karabija <strong>enregistr\u00e9e par Thomas Lusango <\/strong>au studio N\u2019Daro<strong>, Bukavu, <\/strong><strong>RDC (<\/strong><strong>R\u00e9publique D\u00e9mocratique du Congo<\/strong><strong>)<\/strong><\/p>\n\n\n\n<p>\u00c9mission de radio, <em>La Puissance respecte la Puissance<\/em>, Jean Luc Ramazani, Bukavu, RDC<\/p>\n\n\n\n<p><strong>26 octobre<\/strong> Prestation sc\u00e9nique de 15 minutes au Th\u00e9\u00e2tre du chien qui fume, Avignon (84)<\/p>\n\n\n\n<p><strong>13-15 <\/strong><strong>nov-<\/strong><strong>2<\/strong><strong>2 nov<\/strong> Prestations th\u00e9\u00e2trale pour l\u2019\u00e9v\u00e8nement <em>14-18 : la guerre au f\u00e9minin <\/em>dans la cour Ren\u00e9 Cassin de l\u2019h\u00f4tel du d\u00e9partement (63)<\/p>\n\n\n\n<p class=\"has-text-align-center\"><strong>2018 \/<\/strong> <strong>Ateliers d&rsquo;\u00e9criture<\/strong><\/p>\n\n\n\n<p><strong>Janv-juin<\/strong> Atelier d&rsquo;\u00e9criture hebdomadaire au lyc\u00e9e de Neuvy<\/p>\n\n\n\n<p><strong>Janv-mars Projet f\u00e9d\u00e9rateur en partenariat avec la DAAC (Ateliers d\u2019\u00e9criture dans 4 coll\u00e8ges <\/strong>(A.Camus Clermont-Fd, T de Chardin Chamali\u00e8res, Anatole France Gerzat et Pontaumur)<\/p>\n\n\n\n<p><strong>Janv-<\/strong><strong>m<\/strong><strong>ars<\/strong> Ateliers d&rsquo;\u00e9criture, Coll\u00e8ge Saint-Dominique de Vichy (03)<\/p>\n\n\n\n<p><strong>26-mars <\/strong>Finale inter-\u00e9tablissements, la Puce \u00e0 l&rsquo;oreille, Riom, (63)<\/p>\n\n\n\n<p><strong>Avril-<\/strong><strong>m<\/strong><strong>ai<\/strong> Ateliers d&rsquo;\u00e9criture, Coll\u00e8ge des Ancizes (63)<\/p>\n\n\n\n<p><strong>Mai<\/strong> Spoken word avec les \u00e9l\u00e8ves du coll\u00e8ge de Vichy (03)<\/p>\n\n\n\n<p><strong>17 <\/strong><strong>mai<\/strong> Comb\u2019images. Restitution d\u2019un projet artistique, SMAD des Combrailles (Coll\u00e8ges les Ancizes, Pontaumur et St-Eloi les-mines). Slam de po\u00e9sie Ancizes VS Pontaumur.<\/p>\n\n\n\n<p><strong>14-16 <\/strong><strong>ao\u00fbt<\/strong> Ateliers d\u2019\u00e9criture \u00e0 Bukavu, RDC<\/p>\n\n\n\n<p>Oct-d\u00e9c Ateliers d\u2019\u00e9criture \u00e0 l\u2019\u00e9cole primaire de Neuilly-le-R\u00e9al<\/p>\n\n\n\n<p class=\"has-text-align-center\"><strong>2017 \/<\/strong> <strong>Prestations sc\u00e9niques<\/strong><\/p>\n\n\n\n<p><strong>10 <\/strong><strong>mai<\/strong> Charivari Festival de pratiques artistiques, lyc\u00e9es agricoles d\u2019Occitanie, Auch (09)<\/p>\n\n\n\n<p class=\"has-text-align-center\"><strong>2017 \/ Ateliers d&rsquo;\u00e9criture<\/strong><\/p>\n\n\n\n<p><strong>Janv<\/strong><strong>&#8211;<\/strong><strong>ma<\/strong><strong>i<\/strong> Atelier d&rsquo;\u00e9criture hebdomadaire au lyc\u00e9e P.P.Riquet de Castelnaudary<\/p>\n\n\n\n<p><strong>11 mars<\/strong> <em>Se<\/em><em>maine du droit des femme<\/em><em>s<\/em>. Performance, m\u00e9diath\u00e8que de Castelnaudary (11)<\/p>\n\n\n\n<p><strong>Jan-<\/strong><strong>m<\/strong><strong>ars<\/strong> Projet Slam-Po\u00e9sie au coll\u00e8ge de Bram (11)<\/p>\n\n\n\n<p><strong>11 mars <\/strong>Concert de <strong>spoken word<\/strong> \u00e0 Quai n\u00b010, Castelnaudary (11)<\/p>\n\n\n\n<p><strong>4 Avril<\/strong> Finale inter-\u00e9tablissements, la Puce \u00e0 l&rsquo;Oreille, Riom (63)<\/p>\n\n\n\n<p><strong>22 <\/strong><strong>avril<\/strong> Concert de <strong>s<\/strong><strong>poken <\/strong><strong>w<\/strong><strong>ord,<\/strong> Festival d\u2019Issel (11)<\/p>\n\n\n\n<p><strong>Mai<\/strong> Festival Fa\u00e7on Puzzle, Prix du sc\u00e9nario, Maison de la culture, Clermont-Fd (63)<\/p>\n\n\n\n<p><strong>1<\/strong><strong>0 mai<\/strong> Charivari Festival de pratiques artistiques, lyc\u00e9es agricoles d\u2019Occitanie, Auch (09)<\/p>\n\n\n\n<p><strong>18 <\/strong><strong>sept<\/strong> 1e partie du groupe Influences au bar Le Fran\u00e7ais, Moulins(03), Sept-d\u00e9c, Atelier d&rsquo;\u00e9criture hebdomadaire au lyc\u00e9e de Neuvy<\/p>\n\n\n\n<p class=\"has-text-align-center\"><strong>2016 \/ Prestations sc\u00e9niques<\/strong><\/p>\n\n\n\n<p><strong>26 avril<\/strong> spoken word (3 x 30&prime;), <em>La nuit des mus\u00e9s<\/em>, Mus\u00e9e Mandet, Riom (63)<\/p>\n\n\n\n<p><strong>09 <\/strong><strong>avril<\/strong> Intervention, <em>Travelers Festival,<\/em> ABM (Aventure au bout du monde) (75)<\/p>\n\n\n\n<p class=\"has-text-align-center\"><strong>2016 \/ Ateliers d&rsquo;\u00e9criture<\/strong><\/p>\n\n\n\n<p><strong>Mars (5 jrs) <\/strong>Stage d&rsquo;\u00e9criture po\u00e9tique, <strong>cr\u00e9ation d&rsquo;un CD,<\/strong> ANEF, Clermont-Fd (63)<\/p>\n\n\n\n<p><strong>Janv-avril <\/strong>Projet <em>Nuit des mus\u00e9es<\/em> avec le Mus\u00e9e Mandet de Riom, ateliers en lien avec les \u0153uvres du Mus\u00e9e, Ecole primaire Notre Dame des arts, coll\u00e8ge Jean Vilar et lyc\u00e9e Virlogeux de Riom (63). Performances des jeunes devant les \u0153uvres lors de la <em>Nuit des mus\u00e9s<\/em><\/p>\n\n\n\n<p><strong>Janv-avril<\/strong> Ateliers d&rsquo;\u00e9criture au coll\u00e8ge St Dominique, Vichy(03)<\/p>\n\n\n\n<p><strong>Mars<\/strong> Finale inter-5\u00e9 au coll\u00e8ge St Dominique, Vichy (03)<\/p>\n\n\n\n<p><strong>Avril<\/strong> Finale inter-\u00e9tablissements, la Puce \u00e0 l&rsquo;Oreille, Riom, (63)<\/p>\n\n\n\n<p><strong>27-28 <\/strong><strong>ao\u00fbt <\/strong><em>For\u00eat des livres<\/em>, Chanceaux-pr\u00e8s-Loches (37)<\/p>\n\n\n\n<p><strong>Sept-D\u00e9c<\/strong> Atelier d&rsquo;\u00e9criture hebdomadaire au lyc\u00e9e P.P.Riquet de Castelnaudary<\/p>\n\n\n\n<p><strong>25 Nov<\/strong> <em>Journ\u00e9e mondiale contre les violences faites aux femmes<\/em>. Intervention avec le s\u00e9nateur Courtaud au lyc\u00e9e agricole P.P.Riquet de Castelnaudary<\/p>\n\n\n\n<p class=\"has-text-align-center\"><strong>2016<\/strong> <strong>\/<\/strong> <strong>\u00c9dition<\/strong><\/p>\n\n\n\n<p><strong>Nov<\/strong> Sortie d\u2019<em>Itin\u00e9raires bis<\/em>, recueil de nouvelles de voyage, Artisans-Voyageurs \u00e9ditions, festival <em>Il faut aller voir <\/em>du Carnet de voyage, Clermont-Fd (63)<\/p>\n\n\n\n<p class=\"has-text-align-center\"><strong>2015<\/strong> <strong>\/ Prestations sc\u00e9niques<\/strong><\/p>\n\n\n\n<p><strong>17 nov Performance po\u00e9tique <\/strong><em>L&rsquo;effet Papillon<\/em>, Lyc\u00e9e Virlogeux, Riom (63)<\/p>\n\n\n\n<p><strong>15 nov Performance po\u00e9tique <\/strong><em>L&rsquo;effet Papillon<\/em>, Carnet de voyage, Place du 1e mai, Clermont-Fd<\/p>\n\n\n\n<p><strong>21 <\/strong><strong>mars<\/strong> <em>Lac des Cygnes <\/em>revisit\u00e9, Foyer Moulin Blanc, Th\u00e9atre de Clermont-Ferrand (63)<\/p>\n\n\n\n<p><strong>Juin<\/strong> <em>Lac des Cygnes<\/em> revisit\u00e9, Foyer Moulin Blanc, Salle Dumoulin, Riom (63)<\/p>\n\n\n\n<p><strong>20 <\/strong><strong>juin<\/strong> Performance po\u00e9tique, salon du livre de Perpezat, Perpezat (63)<\/p>\n\n\n\n<p><strong>Juillet<\/strong> <strong>Performance po\u00e9tique,<\/strong> <em>Plaza de las poetas<\/em>, Mexico city, Mexique<\/p>\n\n\n\n<p class=\"has-text-align-center\"><strong>2015 \/<\/strong> <strong>Ateliers d&rsquo;\u00e9criture<\/strong><\/p>\n\n\n\n<p><strong>F\u00e9v (5 jrs)<\/strong> Stage d&rsquo;\u00e9criture po\u00e9tique, <strong>cr\u00e9ation d&rsquo;un CD,<\/strong> ANEF, Clermont-Fd (63)<\/p>\n\n\n\n<p><strong>Janv-<\/strong><strong>m<\/strong><strong>ars<\/strong> Ateliers d&rsquo;\u00e9criture au Lyc\u00e9e agricole de Marmilhat, Lempdes (63)<\/p>\n\n\n\n<p><strong>Janv-<\/strong><strong>m<\/strong><strong>ars<\/strong> Ateliers d&rsquo;\u00e9criture au coll\u00e8ge Jean Vilar, Riom, (63)<\/p>\n\n\n\n<p><strong>Nov-<\/strong><strong>m<\/strong><strong>ai<\/strong> Ateliers d&rsquo;\u00e9criture au coll\u00e8ge St Dominique, Vichy(03)<\/p>\n\n\n\n<p><strong>Janv-<\/strong><strong>m<\/strong><strong>ars<\/strong> Ateliers d&rsquo;\u00e9criture au lyc\u00e9e Virlogeux, Riom, (63)<\/p>\n\n\n\n<p><strong>Janv-<\/strong><strong>m<\/strong><strong>ars<\/strong> Ateliers d&rsquo;\u00e9criture au coll\u00e8ge Saint Jean Vilar, Riom, (63)<\/p>\n\n\n\n<p><strong>Mars-<\/strong><strong>a<\/strong><strong>vril<\/strong> Projet Slam autour du patrimoine, Ecole primaire d&rsquo;Orcet (63)<\/p>\n\n\n\n<p><strong>0<\/strong><strong>4 avril <\/strong>Finale inter-\u00e9tablissements, la Puce \u00e0 l&rsquo;oreille, Riom, (63)<\/p>\n\n\n\n<p class=\"has-text-align-center\"><strong>2014 \/<\/strong> <strong>Prestations sc\u00e9niques<\/strong><\/p>\n\n\n\n<p><strong>03 f\u00e9vr Performance po\u00e9tique <\/strong><em>Femmes en sc\u00e8nes, <\/em>Cercle A.Murat, H\u00e9lion, Issoire (63)<\/p>\n\n\n\n<p><strong>F\u00e9v-avr <\/strong>Slam de po\u00e9sie, pr\u00e9s\u00e9lections du GSN 2014, Petit Bouchon, Cl-Fd (63)<\/p>\n\n\n\n<p><strong>03 <\/strong><strong>f\u00e9v<\/strong><strong>r<\/strong> Mise en sc\u00e8ne du spectacle <em>Femmes en sc\u00e8nes<\/em> du Cercle A.Murat, H\u00e9lion, Issoire (63)<\/p>\n\n\n\n<p><strong>14 <\/strong><strong>f\u00e9vr<\/strong> Performance po\u00e9tique, association Fifadji, Maison de l&rsquo;Oradou, Clermont-FD (63)<\/p>\n\n\n\n<p><strong>29 <\/strong><strong>mars<\/strong> Alternative po\u00e9sie, <strong>s<\/strong><strong>poken <\/strong><strong>w<\/strong><strong>ord<\/strong>, 1<sup>e<\/sup> partie, <em>Duo Point Z\u00e9ro<\/em>, Com\u00e9dia, Corum St jean<\/p>\n\n\n\n<p><strong>23 <\/strong><strong>avril<\/strong> Slam de po\u00e9sie, Finales r\u00e9gionales, Qualifications GSN 2014, Maison de la Culture, Cl-63<\/p>\n\n\n\n<p>S\u00e9lection dans l\u2019\u00e9quipe de Clermont-Fd pour le GSN (Grand Slam National) \u00e0 Paris<\/p>\n\n\n\n<p><strong>10 <\/strong><strong>mai<\/strong> Performance \u00e0 4 po\u00e8tes au Festival Bac&rsquo;Ground, Fontaine du Bac, ClFd (63)<\/p>\n\n\n\n<p><strong>09 <\/strong><strong>nov<\/strong><strong> Performance<\/strong> <strong>po\u00e9tique, J<\/strong>outes po\u00e9tiques Granvillaises, Granville (50)<\/p>\n\n\n\n<p class=\"has-text-align-center\"><strong>2014 \/ Ateliers d&rsquo;\u00e9criture<\/strong><\/p>\n\n\n\n<p><strong>Janv<\/strong> Ex-po\u00e9sie. Journ\u00e9e p\u00e9dagogique de l&rsquo;Enseignement Priv\u00e9 : ateliers, performance et pr\u00e9sentation de l\u2019association<\/p>\n\n\n\n<p>Janv-juin Projet autour du Slam, \u00c9cole primaire de Chatel-Guyon (63)<\/p>\n\n\n\n<p><strong>Janv-<\/strong> Projet autour du Slam, Coll\u00e8ge de Vichy (03)<\/p>\n\n\n\n<p><strong>Mars (5 jrs)<\/strong> Stage d&rsquo;\u00e9criture po\u00e9tique, <strong>cr\u00e9ation d&rsquo;un CD,<\/strong> ANEF, Clermont-Fd (63)<\/p>\n\n\n\n<p><strong>Janv-mars<\/strong> Ateliers d&rsquo;\u00e9criture, <strong>C.E.F<\/strong> Pionsat (63)<\/p>\n\n\n\n<p><strong>Janv \u00e0 <\/strong><strong>j<\/strong><strong>uin <\/strong>Ateliers d&rsquo;\u00e9criture, cr\u00e9ation d&rsquo;un CD, I<strong>ME,<\/strong> Foyer Moulin Blanc, Mozac (63)<\/p>\n\n\n\n<p class=\"has-text-align-center\"><strong>13 jui<\/strong><strong>n<\/strong> Atelier d&rsquo;\u00e9criture, coll\u00e9giens, Lyc\u00e9e de Pont-du Ch\u00e2teau (63)<\/p>\n\n\n\n<p class=\"has-text-align-center\"><strong>2013 \/<\/strong> <strong>Prestations sc\u00e9niques<\/strong><\/p>\n\n\n\n<p><strong>14 janv <\/strong>Slam de po\u00e9sie, S\u00e9lections pour Le Mans cit\u00e9 chanson, Corum Saint-Jean, Cl-Fd (63)<\/p>\n\n\n\n<p><strong>1<\/strong><strong>8 <\/strong><strong>janv<\/strong> <strong>S<\/strong><strong>poken <\/strong><strong>w<\/strong><strong>ord, <\/strong><strong>c<\/strong><strong>oncert <\/strong>avec le trio <em>Alema (<\/em>Musiques du monde), Petit Bouchon, Clt-Fd<\/p>\n\n\n\n<p><strong>25 <\/strong><strong>janv<\/strong> Slam dating et <strong>s<\/strong><strong>poken <\/strong><strong>w<\/strong><strong>ord<\/strong>, Caveau des Anges, Cl-Fd (63)<\/p>\n\n\n\n<p><strong>23 <\/strong><strong>f\u00e9vr<\/strong> Slam dating et <strong>s<\/strong><strong>poken <\/strong><strong>w<\/strong><strong>ord<\/strong>, Caveau des Anges, Cl-Fd (63)<\/p>\n\n\n\n<p><strong>1<\/strong><strong>7 mars<\/strong> Concert de <strong>s<\/strong><strong>poken <\/strong><strong>w<\/strong><strong>ord, <\/strong>tremplin du Carrefour de la chanson (63)<\/p>\n\n\n\n<p><strong>18 <\/strong><strong>mars <\/strong>Slam de po\u00e9sie, 10 mots de la francophonie, S\u00e9lection, Corum Saint-Jean, Cl-Fd (63)<\/p>\n\n\n\n<p><strong>28 <\/strong><strong>mars<\/strong> Slam dating et <strong>s<\/strong><strong>poken <\/strong><strong>w<\/strong><strong>ord,<\/strong> Caveau des Anges, Cl-Fd (63)<\/p>\n\n\n\n<p><strong>03 <\/strong><strong>avril<\/strong> Sc\u00e8ne ouverte de <strong>s<\/strong><strong>poken <\/strong><strong>w<\/strong><strong>ord<\/strong>, Petit Bouchon, Cl-Fd (63)<\/p>\n\n\n\n<p><strong>05 <\/strong><strong>avril <\/strong>Spectacle les Villes, La Petite Gaillarde avec le Cercle Am\u00e9lie Murat, Cl-Fd (63)<\/p>\n\n\n\n<p><strong>13 <\/strong><strong>avril <\/strong>Finales r\u00e9gionales, Slam de po\u00e9sie, Qualifications GSN 2013, Com\u00e9dia-Cl-Fd (63)<\/p>\n\n\n\n<p><strong>30 <\/strong><strong>avril<\/strong> Sc\u00e8ne ouverte de <strong>s<\/strong><strong>poken <\/strong><strong>w<\/strong><strong>ord<\/strong>, Petit Bouchon, Cl-Fd (63)<\/p>\n\n\n\n<p><strong>1<\/strong><strong>0 mai <\/strong><strong>1<\/strong><sup><strong>e<\/strong><\/sup><strong>partie <\/strong><strong>s<\/strong><strong>poken <\/strong><strong>w<\/strong><strong>ord de Boulevard des Airs, Puce \u00e0 l&rsquo;oreille, Riom (63)<\/strong><\/p>\n\n\n\n<p><strong>01 <\/strong><strong>juin<\/strong> Performance po\u00e9tique dans les vignes, Dallet (63)<\/p>\n\n\n\n<p><strong>0<\/strong><strong>5 <\/strong><strong>juin<\/strong> Sc\u00e8ne ouverte de <strong>s<\/strong><strong>poken <\/strong><strong>w<\/strong><strong>ord<\/strong>, Petit Bouchon, Cl-Fd (63)<\/p>\n\n\n\n<p><strong>Juin<\/strong> Animation des finales r\u00e9gionales de Slam po\u00e9sie, Com\u00e9dia, Corum St-Jean, Clermont-Fd<\/p>\n\n\n\n<p>S\u00e9lection dans l\u2019\u00e9quipe de Clermont-Fd pour le GSN (Grand Slam National) \u00e0 Paris<\/p>\n\n\n\n<p><strong>11 juillet Spoken word, <strong>Concert<\/strong>, Billom. S\u00e9lection des <em>Jeudis du pressoi<\/em>r<\/strong> (63)<\/p>\n\n\n\n<p><strong>16 <\/strong><strong>nov <\/strong>Performance po\u00e9tique, association Fifadji, Clermont-FD (63)<\/p>\n\n\n\n<p><strong>02 <\/strong><strong>oct, <\/strong><strong>6 <\/strong><strong>nov, <\/strong><strong>4 <\/strong><strong>d\u00e9c<\/strong> Sc\u00e8nes ouvertes de <strong>s<\/strong><strong>poken <\/strong><strong>w<\/strong><strong>ord<\/strong>, Petit Bouchon, Cl-Fd (63)<\/p>\n\n\n\n<p class=\"has-text-align-center\"><strong>2013 \/<\/strong> <strong>Ateliers d&rsquo;\u00e9criture<\/strong><\/p>\n\n\n\n<p><strong>Jan-juin <\/strong><em>Atelier <\/em><strong><em>hebdomadaire<\/em><\/strong><em> a<\/em><strong><em>u Corum<\/em> Saint-Jean, Clermont-Fd (63)<\/strong><\/p>\n\n\n\n<p><strong>06 <\/strong><strong>f\u00e9v<\/strong> Classe <strong>internationale<\/strong>, Lyc\u00e9e Jeanne d&rsquo;Arc, Cl-Fd (63)<\/p>\n\n\n\n<p><strong>02-06 <\/strong><strong>mars<\/strong> <strong>Stage<\/strong> d&rsquo;\u00e9criture po\u00e9tique enregistrement, CD, ANEF, Clermont-Fd (63)<\/p>\n\n\n\n<p><strong>Mars-avril<\/strong> Activit\u00e9 Slam,<strong> Enregistrement, CD,<\/strong> <strong>IME <\/strong>de Veyre-Monton (63)<\/p>\n\n\n\n<p><strong>Mars-mai<\/strong><strong> Ecole primaire <\/strong>Pierre et Marie Curie de C\u00e9bazat (63)<\/p>\n\n\n\n<p><strong>Nov<\/strong> Prix Francis Mendiondo aux Jeux Floraux du B\u00e9arn (Concours de po\u00e9sie)<\/p>\n\n\n\n<p><strong>04 <\/strong><strong>d\u00e9c <\/strong>Classe <strong>internationale<\/strong>, Ly<strong>c\u00e9e Jeanne d&rsquo;Arc, Cl-Fd (63)<\/strong><\/p>\n\n\n\n<p><strong>28 nov\/05 d\u00e9c<\/strong> Activit\u00e9 Slam, <strong>Centre d&rsquo;Education Ferm\u00e9<\/strong>, Pionsat (63)<\/p>\n\n\n\n<p class=\"has-text-align-center\"><strong>2012 \/<\/strong> <strong>Prestations sc\u00e9niques<\/strong><\/p>\n\n\n\n<p><strong>19 <\/strong><strong>janv<\/strong> Sc\u00e8ne ouverte de spoken word, Maison de l&rsquo;Oradou (63)<\/p>\n\n\n\n<p><strong>02 <\/strong><strong>mars<\/strong> <em>Je suis femme<\/em>, Performance, collectif f\u00e9minin atteintes du VIH, Koudougou, Burkina-Faso<\/p>\n\n\n\n<p><strong>06 <\/strong><strong>avril<\/strong> Sc\u00e8ne ouverte de po\u00e9sie, Cafteuses, Beaumont (63)<\/p>\n\n\n\n<p><strong>28 <\/strong><strong>avril<\/strong> Finales r\u00e9gionales, Slam de po\u00e9sie, Qualifications GSN 2012, Com\u00e9dia-Corum, Cl-Fd (63)<\/p>\n\n\n\n<p><strong>1<\/strong><strong>1 mai <\/strong>Performance \u00e0 4 po\u00e8tes au Festival Bac&rsquo;Ground, Fontaine du Bac, ClFd (63)<\/p>\n\n\n\n<p><strong>Juin<\/strong> Animation des finales r\u00e9gionales de Slam po\u00e9sie, Com\u00e9dia, Corum St-Jean, Clermont-Fd<\/p>\n\n\n\n<p>S\u00e9lection dans l\u2019\u00e9quipe de Clermont-Fd pour le GSN (Grand Slam National) \u00e0 Paris<\/p>\n\n\n\n<p><strong>05 Juin <\/strong><em><strong><em><strong>3<\/strong><\/em><sup><em><strong>e<\/strong><\/em><\/sup><\/strong><\/em>au GSN avec <em><strong>l&rsquo;\u00e9quipe de Clermont-Ferrand \/ Vice champion de France de Ha\u00efkus<\/strong><\/em><\/p>\n\n\n\n<p><strong>22 <\/strong><strong>juin<\/strong> <strong>S<\/strong><strong>poken <\/strong><strong>w<\/strong><strong>ord, <\/strong><strong>concert<\/strong> avec le trio <em>Alem<\/em><em>a<\/em>, Festival des Jeunes Caps, St Maurice-es-allier<\/p>\n\n\n\n<p><strong>0<\/strong><strong>7 oct<\/strong> Forum des associations, quartier St Alyre, Cl-Fd (63)<\/p>\n\n\n\n<p><strong>21 <\/strong><strong>oct<\/strong> <strong>Performance po\u00e9tique<\/strong>, Comit\u00e9 R\u00e9gional Olympique d&rsquo;Auvergne, Cl-Fd (63)<\/p>\n\n\n\n<p><strong>27 <\/strong><strong>oct <\/strong>Performance po\u00e9tique, Association des amis de Galaxie, Cl-Fd (63)<\/p>\n\n\n\n<p><strong>15 <\/strong><strong>nov<\/strong> <strong>Performance po\u00e9tique<\/strong>, Chambre des M\u00e9tiers et de l&rsquo;Artisanat, Brives-Corr\u00e8ze(19)<\/p>\n\n\n\n<p><strong>04 d\u00e9c <\/strong><strong>Spoken word,<\/strong> sc\u00e8ne ouverte au Puy-de-la-Lune, Cl-Fd (63)<\/p>\n\n\n\n<p class=\"has-text-align-center\"><strong>2012 \/<\/strong> <strong>Ateliers d&rsquo;\u00e9criture<\/strong><\/p>\n\n\n\n<p><strong>Jan 2010<\/strong><strong>&#8211;<\/strong><strong>D\u00e9c 2012<\/strong>2h d\u2019atelier hebdomadaire, Corum Saint-Jean, Clermont-Fd (63)<\/p>\n\n\n\n<p><strong>F\u00e9v (5 jrs) Stage <\/strong>d&rsquo;\u00e9criture po\u00e9tique, cr\u00e9ation d&rsquo;un CD, ANEF, Clermont-Fd (63)<\/p>\n\n\n\n<p><strong>Juin<\/strong> <strong>Coordination artistique <\/strong>d&rsquo;un CD de spoken word, Corum Saint-Jean, Clermont-Fd (63)<\/p>\n\n\n\n<p><strong>M<\/strong><strong>ai-Juillet <\/strong>Accompagnement \u00e0 la scolarit\u00e9, Baz&rsquo;<strong>a<\/strong>dos, Vic-le-Conte (63)<\/p>\n\n\n\n<p><strong>Sept <\/strong>Festival International des Textiles Extraordinaires, Mus\u00e9e Lecoq, Cfd (63)<\/p>\n\n\n\n<p class=\"has-text-align-center\"><strong>2011<\/strong><\/p>\n\n\n\n<p><strong>Nov 2011<\/strong> <strong>Association Alternative Po\u00e9sie, Membre fondateur <\/strong>(onglet sur <a href=\"http:\/\/willygex.com\/\">http:\/\/willygex.com<\/a>)<\/p>\n\n\n\n<p><strong>Juin<\/strong> Animation des finales r\u00e9gionales de Slam po\u00e9sie, Maison de l&rsquo;Oradou, Clermont-Fd (63)<\/p>\n\n\n\n<p>S\u00e9lection dans l\u2019\u00e9quipe de Clermont-Fd pour le GSN (Grand Slam National) \u00e0 Paris<\/p>\n\n\n\n<p><strong>Juin <\/strong><strong>2010<\/strong> S\u00e9lections r\u00e9gionales de Slam po\u00e9sie, Coop\u00e9rative de Mai, Clermont-Fd. Repr\u00e9sentant de l\u2019\u00e9quipe de Clermont-Fd pour le GSN (Grand Slam National) \u00e0 Paris.<\/p>\n\n\n\n<p><strong>20<\/strong><strong>14-2008<\/strong> <strong>Slammaster <\/strong>de la FFDSP (F\u00e9d\u00e9ration Fran\u00e7aise de Slam Po\u00e9sie), <em><strong>6 s\u00e9lections<\/strong><\/em> au GSN<\/p>\n\n\n\n<p>Participation \u00e0 de r\u00e9guli\u00e8res sc\u00e8nes ouvertes locales de slam po\u00e9sie<\/p>\n\n\n\n<p class=\"has-text-align-center\"><strong>MUSIQUE<\/strong><\/p>\n\n\n\n<p><strong>1981-88 <\/strong>Ecole CHAM, <em>Conservatoire<\/em> de musique Clermont-Fd (Solf\u00e8ge + guitare)<\/p>\n\n\n\n<p><strong>2001-<\/strong><strong>0<\/strong><strong>3<\/strong> Guitariste de <em><strong>La Malice <\/strong><\/em>(Formation professionnelle)<\/p>\n\n\n\n<p><strong>20<\/strong><strong>04<\/strong><strong>-05<\/strong> <em>AFMA<\/em> (Atelier de formation aux musiques actuelles)<\/p>\n\n\n\n<p><strong>2005<\/strong> Guitariste-chanteur (Chansons fran\u00e7aises \u00e0 textes)<\/p>\n\n\n\n<p><strong>200<\/strong><strong>8-<\/strong><strong>11 <\/strong>Guitariste du groupe <em><strong>Influences, <\/strong><\/em><em><strong>16 <\/strong><\/em>Concerts dont 6 premi\u00e8res parties Spoken Word<\/p>\n\n\n\n<p><strong>2012<\/strong><strong>-14<\/strong> Concerts de <strong>s<\/strong><strong>poken <\/strong><strong>w<\/strong><strong>ord<\/strong> avec la formation professionnelle <em>Alema<\/em> (Musiques du monde)<\/p>\n\n\n\n<p class=\"has-text-align-center\"><strong>\u00c9DITION<\/strong><\/p>\n\n\n\n<p><strong>201<\/strong><strong>5-20<\/strong><strong>1<\/strong><strong>8<\/strong> Salons du livre&nbsp;: (Granville (50), Perpezat (63), F\u00eate du livre Blanzat (63)<\/p>\n\n\n\n<p class=\"has-text-align-center\"><\/p>\n\n\n\n<p><\/p>\n\n\n\n<p><\/p>\n\n\n\n<p><\/p>\n\n\n\n<p><\/p>\n\n\n\n<p><\/p>\n\n\n\n<p><\/p>\n\n\n\n<p><\/p>\n\n\n\n<p class=\"has-text-align-center\"><\/p>\n\n\n\n<p><\/p>\n\n\n\n<p><\/p>\n\n\n\n<p class=\"has-text-align-center\"><a href=\"https:\/\/www.willygex.com\">Revenir \u00e0 l&rsquo;accueil<\/a><\/p>\n\n\n\n<div class=\"wp-block-columns is-layout-flex wp-container-core-columns-is-layout-9d6595d7 wp-block-columns-is-layout-flex\">\n<div class=\"wp-block-column is-layout-flow wp-block-column-is-layout-flow\">\n<div class=\"wp-block-columns is-layout-flex wp-container-core-columns-is-layout-9d6595d7 wp-block-columns-is-layout-flex\">\n<div class=\"wp-block-column is-layout-flow wp-block-column-is-layout-flow\"><\/div>\n\n\n\n<div class=\"wp-block-column is-layout-flow wp-block-column-is-layout-flow\">\n<figure class=\"wp-block-image size-full is-resized\"><a href=\"mailto:willygex@gmail.com\" target=\"_blank\" rel=\"noreferrer noopener\"><img fetchpriority=\"high\" decoding=\"async\" width=\"512\" height=\"512\" src=\"https:\/\/www.willygex.com\/wp-content\/uploads\/2022\/08\/mail.png\" alt=\"\" class=\"wp-image-698\" style=\"width:55px;height:55px\" srcset=\"https:\/\/www.willygex.com\/wp-content\/uploads\/2022\/08\/mail.png 512w, https:\/\/www.willygex.com\/wp-content\/uploads\/2022\/08\/mail-300x300.png 300w, https:\/\/www.willygex.com\/wp-content\/uploads\/2022\/08\/mail-150x150.png 150w\" sizes=\"(max-width: 512px) 100vw, 512px\" \/><\/a><\/figure>\n<\/div>\n<\/div>\n<\/div>\n\n\n\n<div class=\"wp-block-column is-layout-flow wp-block-column-is-layout-flow\">\n<div class=\"wp-block-columns is-layout-flex wp-container-core-columns-is-layout-9d6595d7 wp-block-columns-is-layout-flex\">\n<div class=\"wp-block-column is-layout-flow wp-block-column-is-layout-flow\">\n<figure class=\"wp-block-image size-full is-resized\"><a href=\"https:\/\/fr-fr.facebook.com\/william.gex\" target=\"_blank\" rel=\"noreferrer noopener\"><img decoding=\"async\" width=\"430\" height=\"428\" src=\"https:\/\/www.willygex.com\/wp-content\/uploads\/2022\/08\/fb.jpg\" alt=\"\" class=\"wp-image-699\" style=\"width:58px;height:57px\" srcset=\"https:\/\/www.willygex.com\/wp-content\/uploads\/2022\/08\/fb.jpg 430w, https:\/\/www.willygex.com\/wp-content\/uploads\/2022\/08\/fb-301x300.jpg 301w, https:\/\/www.willygex.com\/wp-content\/uploads\/2022\/08\/fb-150x150.jpg 150w\" sizes=\"(max-width: 430px) 100vw, 430px\" \/><\/a><\/figure>\n<\/div>\n\n\n\n<div class=\"wp-block-column is-layout-flow wp-block-column-is-layout-flow\">\n<figure class=\"wp-block-image size-full is-resized\"><a href=\"https:\/\/www.instagram.com\/willygex_spoken\/\" target=\"_blank\" rel=\"noreferrer noopener\"><img decoding=\"async\" width=\"426\" height=\"430\" src=\"https:\/\/www.willygex.com\/wp-content\/uploads\/2022\/08\/insta.jpg\" alt=\"\" class=\"wp-image-700\" style=\"width:54px;height:55px\" srcset=\"https:\/\/www.willygex.com\/wp-content\/uploads\/2022\/08\/insta.jpg 426w, https:\/\/www.willygex.com\/wp-content\/uploads\/2022\/08\/insta-297x300.jpg 297w, https:\/\/www.willygex.com\/wp-content\/uploads\/2022\/08\/insta-150x150.jpg 150w\" sizes=\"(max-width: 426px) 100vw, 426px\" \/><\/a><\/figure>\n<\/div>\n<\/div>\n<\/div>\n\n\n\n<div class=\"wp-block-column is-layout-flow wp-block-column-is-layout-flow\">\n<div class=\"wp-block-columns is-layout-flex wp-container-core-columns-is-layout-9d6595d7 wp-block-columns-is-layout-flex\">\n<div class=\"wp-block-column is-layout-flow wp-block-column-is-layout-flow\"><\/div>\n<\/div>\n<\/div>\n<\/div>\n\n\n\n<p><\/p>\n","protected":false},"excerpt":{"rendered":"<p>2025 \/ Prestations sc\u00e9niques 06-07.07 Grand t\u00e9moin pour les Universit\u00e9s populaires d&rsquo;Emma\u00fcs, Bussi\u00e8res-et-Pruns (63). Recueil de t\u00e9moignages, cr\u00e9ation d\u2019un texte final et performance po\u00e9tique le 07 juillet en cl\u00f4ture. 2025 \/ Ateliers d&rsquo;\u00e9criture * Un projet spoken word signifie, avec &hellip; <a href=\"https:\/\/www.willygex.com\/?page_id=768\">Lire la suite\u00ad\u00ad<\/a><\/p>\n","protected":false},"author":2,"featured_media":796,"parent":0,"menu_order":0,"comment_status":"closed","ping_status":"closed","template":"","meta":{"kt_blocks_editor_width":"","_EventAllDay":false,"_EventTimezone":"","_EventStartDate":"","_EventEndDate":"","_EventStartDateUTC":"","_EventEndDateUTC":"","_EventShowMap":false,"_EventShowMapLink":false,"_EventURL":"","_EventCost":"","_EventCostDescription":"","_EventCurrencySymbol":"","_EventCurrencyCode":"","_EventCurrencyPosition":"","_EventDateTimeSeparator":"","_EventTimeRangeSeparator":"","_EventOrganizerID":[],"_EventVenueID":[],"_OrganizerEmail":"","_OrganizerPhone":"","_OrganizerWebsite":"","_VenueAddress":"","_VenueCity":"","_VenueCountry":"","_VenueProvince":"","_VenueState":"","_VenueZip":"","_VenuePhone":"","_VenueURL":"","_VenueStateProvince":"","_VenueLat":"","_VenueLng":"","_VenueShowMap":false,"_VenueShowMapLink":false,"footnotes":""},"class_list":["post-768","page","type-page","status-publish","has-post-thumbnail","hentry"],"_links":{"self":[{"href":"https:\/\/www.willygex.com\/index.php?rest_route=\/wp\/v2\/pages\/768","targetHints":{"allow":["GET"]}}],"collection":[{"href":"https:\/\/www.willygex.com\/index.php?rest_route=\/wp\/v2\/pages"}],"about":[{"href":"https:\/\/www.willygex.com\/index.php?rest_route=\/wp\/v2\/types\/page"}],"author":[{"embeddable":true,"href":"https:\/\/www.willygex.com\/index.php?rest_route=\/wp\/v2\/users\/2"}],"replies":[{"embeddable":true,"href":"https:\/\/www.willygex.com\/index.php?rest_route=%2Fwp%2Fv2%2Fcomments&post=768"}],"version-history":[{"count":66,"href":"https:\/\/www.willygex.com\/index.php?rest_route=\/wp\/v2\/pages\/768\/revisions"}],"predecessor-version":[{"id":1287,"href":"https:\/\/www.willygex.com\/index.php?rest_route=\/wp\/v2\/pages\/768\/revisions\/1287"}],"wp:featuredmedia":[{"embeddable":true,"href":"https:\/\/www.willygex.com\/index.php?rest_route=\/wp\/v2\/media\/796"}],"wp:attachment":[{"href":"https:\/\/www.willygex.com\/index.php?rest_route=%2Fwp%2Fv2%2Fmedia&parent=768"}],"curies":[{"name":"wp","href":"https:\/\/api.w.org\/{rel}","templated":true}]}}